{"id":2539,"date":"2019-10-25T15:48:27","date_gmt":"2019-10-25T13:48:27","guid":{"rendered":"https:\/\/golfmarcosimone.com\/?page_id=2539"},"modified":"2021-04-02T09:26:07","modified_gmt":"2021-04-02T07:26:07","slug":"ryder-cup-2023","status":"publish","type":"page","link":"https:\/\/golfmarcosimone.com\/it\/ryder-cup-2023\/","title":{"rendered":"Ryder Cup 2023"},"content":{"rendered":"<p>[vc_row row_height_percent=&#8221;0&#8243; overlay_alpha=&#8221;50&#8243; equal_height=&#8221;yes&#8221; gutter_size=&#8221;0&#8243; column_width_percent=&#8221;100&#8243; shift_y=&#8221;0&#8243; z_index=&#8221;0&#8243; type=&#8221;grid&#8221; css=&#8221;.vc_custom_1614179072232{background-color: #ffffff !important;}&#8221;][vc_column width=&#8221;1\/1&#8243;][vc_column_text]<\/p>\n<h2 style=\"text-align: center;\">RYDER CUP 2023, C\u2019\u00c8 LA DATA:<br \/>\nSI GIOCHER\u00c0 A ROMA<br \/>\nDA VENERD\u00cc 29 SETTEMBRE A DOMENICA 1 OTTOBRE<\/h2>\n<p>&nbsp;<\/p>\n<p style=\"text-align: justify;\">Ufficializzate le date della sfida Europa-Usa che si disputer\u00e0 al Marco Simone Golf &amp; Country Club\u2028.<\/p>\n<p style=\"text-align: justify;\">A grandi passi verso il sogno di Roma 2023. Il countdown \u00e8 partito, la 44esima edizione della Ryder Cup, il terzo evento sportivo pi\u00f9 importante al mondo dopo Olimpiadi e mondiali di calcio, andr\u00e0 in scena al Marco Simone Golf &amp; Country Club di Guidonia Montecelio (Roma) dal 29 settembre al 1 ottobre 2023, preceduta dai tre giorni di avvicinamento ai match (marted\u00ec 26 settembre, mercoled\u00ec 27 settembre e gioved\u00ec 28 settembre).\u2028Sar\u00e0 la prima edizione in Italia dopo quelle in Inghilterra, Scozia, Spagna, Irlanda, Galles e Francia.\u2028L\u2019ufficializzazione delle date della Ryder Cup 2023 \u00e8 arrivata dal board della Ryder Cup Europe nel giorno in cui s\u2019\u00e8 aperta la settimana del 76\u00b0 Open d\u2019Italia (10-13 ottobre all\u2019Olgiata Golf Club di Roma) che vedr\u00e0 in gara sei dei dodici protagonisti dell\u2019euro-trionfo a Parigi 2018: Francesco Molinari, Paul Casey, Tyrrell Hatton, Alex Noren, Ian Poulter e Justin Rose. Non solo, anche Thomas Bjorn e Padraig Harrington, rispettivamente capitani del Team Europe alla Ryder Cup 2018 di Parigi e a quella del 2020 nel Wisconsin, saranno nel field del quinto evento stagionale delle Rolex Series European Tour.[\/vc_column_text][vc_single_image media=&#8221;2805&#8243; media_width_percent=&#8221;100&#8243;][vc_column_text]<\/p>\n<p style=\"text-align: justify;\">Intanto il Marco Simone Golf &amp; Country Club, circolo alle porte di Roma, \u00e8 oggetto di un ampio rinnovamento in vista del grande appuntamento del 2023. I lavori procedono nel migliore dei modi e le immagini (ad integrazione del testo) relative a una panoramica aerea delle buche 10, 11 e 16 \u2013 che rientrano nelle nove gi\u00e0 modellate dal settembre 2018 e sono ora nella fase di completamento \u2013 offrono un\u2019anteprima di come parte del percorso di gara apparir\u00e0 quando saranno in azione i top player. La seconda fase si aprir\u00e0 proprio nel corso di questa settimana e interesser\u00e0 le restanti nove buche, che verranno ultimate entro maggio 2020 per permettere la semina durante l\u2019estate. Parallelamente la Club House e il campo pratica saranno completamente rinnovate per permettere al Marco Simone Golf &amp; Country Club di ospitare il 78\u00b0 Open d\u2019Italia nell\u2019autunno 2021.<br \/>\nL\u2019European Golf Design ha la responsabilit\u00e0 del progetto di restyling per la realizzazione di un percorso di gioco di livello mondiale creato appositamente affinch\u00e8 tutti gli spettatori possano assistere alla Ryder Cup 2023 attraverso il maggior numero di punti di osservazione naturale.<\/p>\n<p>[\/vc_column_text][vc_single_image media=&#8221;2546&#8243; media_width_percent=&#8221;100&#8243;][vc_column_text]<\/p>\n<p style=\"text-align: justify;\">Guy Kinnings, Direttore della Ryder Cup Europe: \u201cI successi di Francesco Molinari, tra Ryder Cup 2018, Open Championship e Race to Dubai, hanno dato un grande slancio alla crescita del golf nel Paese. L\u2019interesse verso questo sport \u00e8 in continua espansione e l\u2019ufficializzazione delle date della sfida Europa-Usa rappresenta una nuova tappa significativa nel viaggio verso la prima Ryder Cup in Italia\u201d.<br \/>\nGian Paolo Montali, Direttore Generale del Progetto Ryder Cup 2023: \u201cIl nostro impegno per il Progetto Ryder Cup 2023 non \u00e8 solo quello di ospitare un evento sportivo iconico, ma anche di lasciare una legacy al Paese. Con l\u2019avanzamento dei lavori al Marco Simone il percorso di gara diventer\u00e0 una meta di pellegrinaggio sportivo che continuer\u00e0 a richiamare tanti golfisti per molti anni e contribuir\u00e0 a incrementare l\u2019indotto economico generato dal turismo golfistico. Siamo ambiziosi. Le immagini del campo di gioco offrono a tutti gli appassionati nel mondo un assaggio dello spettacolo che li aspetta nel settembre 2023. L\u2019ufficializzazione delle date rappresenta un altro importante passo nel nostro viaggio verso la prima Ryder Cup italiana. Dobbiamo ancora una volta ringraziare il presidente Franco Chimenti, che ha avuto l\u2019intuito e il coraggio di vincere questa affascinante sfida per il Paese\u201d.<br \/>\nLavinia Biagiotti, Presidente Marco Simone Golf &amp; Country Club: \u201cIl Marco Simone Golf &amp; Country Club, sede della Ryder Cup 2023, \u00e8 la pi\u00f9 eccitante e avanguardistica interpretazione contemporanea dell\u2019architettura golfistica. Le ondulazioni del terreno, i corsi d\u2019acqua, l\u2019antico e nobile castello sono gli elementi caratterizzanti di questo nuovo esclusivo percorso, armoniosamente inserito nel suo ambiente naturale. Dall\u2019esperienza di grandi professionisti statunitensi ed anglosassoni quali Tom Fazio II e European Golf Design prendono forma le 18 buche Ryder Cup. Il Marco Simone \u00e8 una continua e affascinante successione di immagini per giocatori e spettatori: grandi anfiteatri naturali, immersi nel paesaggio romano, rappresentano la nuova dimensione per un golf spettacolare\u201d.<\/p>\n<p>[\/vc_column_text][vc_single_image media=&#8221;2544&#8243; media_width_percent=&#8221;100&#8243;][vc_column_text]<\/p>\n<h2 style=\"text-align: center;\">PROGETTO RYDER CUP 2023<\/h2>\n<p style=\"text-align: justify;\">Grazie alle iniziative messe in atto dalla Federazione Italiana Golf come \u201cGolf a Scuola\u201d, \u201cGolf \u00e8 donna\u201d e \u201cGolf4autism\u201d, il Progetto Ryder Cup 2023 ha evidenziato il carattere inclusivo di questo sport. Con gli eventi della \u2018Road to Rome 2023\u2019 la Ryder Cup italiana sta allargando i suoi orizzonti. Nel 2018, le tappe di Napoli (Castel dell\u2019Ovo) e Milano (dove pi\u00f9 di 2.500 persone a Palazzo Lombardia hanno provato il golf grazie a un putting green posizionato al 39\u00b0 piano) hanno portato il green nelle cuore delle citt\u00e0. A pochi giorni dall\u2019Open d\u2019Italia nello splendido contesto di Piazza di Siena in Villa Borghese, \u00e8 andato in scena \u201cGolf in Piazza\u201d, terzo evento stagionale della Road to Rome 2023 che ha trasformato uno dei luoghi pi\u00f9 affascinanti di Roma in un campo da golf. Una giornata aperta a tutti, dove grandi e piccini hanno potuto provare gratuitamente l\u2019emozione del primo swing. Il cammino di avvicinamento all\u2019Open d\u2019Italia vivr\u00e0 un\u2019altra tappa importante il 9 ottobre all\u2019Olgiata Golf Club con la \u201cThe 3rd Junior Road to The 2023 Ryder Cup\u201d, la sfida fra i giovani talenti del team Italia e del team Lazio.<\/p>\n<p>[\/vc_column_text][vc_empty_space empty_h=&#8221;3&#8243;][\/vc_column][\/vc_row]<\/p>\n","protected":false},"excerpt":{"rendered":"<p>[vc_row row_height_percent=&#8221;0&#8243; overlay_alpha=&#8221;50&#8243; equal_height=&#8221;yes&#8221; gutter_size=&#8221;0&#8243; column_width_percent=&#8221;100&#8243; shift_y=&#8221;0&#8243; z_index=&#8221;0&#8243; type=&#8221;grid&#8221; css=&#8221;.vc_custom_1614179072232{background-color: #ffffff !important;}&#8221;][vc_column width=&#8221;1\/1&#8243;][vc_column_text] RYDER CUP 2023, C\u2019\u00c8 LA DATA: SI [&hellip;]<\/p>\n","protected":false},"author":2,"featured_media":0,"parent":0,"menu_order":0,"comment_status":"closed","ping_status":"closed","template":"","meta":{"_monsterinsights_skip_tracking":false,"_monsterinsights_sitenote_active":false,"_monsterinsights_sitenote_note":"","_monsterinsights_sitenote_category":0,"footnotes":""},"yoast_head":"<!-- This site is optimized with the Yoast SEO plugin v23.1 - https:\/\/yoast.com\/wordpress\/plugins\/seo\/ -->\n<title>Ryder Cup 2023 - GOLF MARCO SIMONE<\/title>\n<meta name=\"robots\" content=\"index, follow, max-snippet:-1, max-image-preview:large, max-video-preview:-1\" \/>\n<link rel=\"canonical\" href=\"https:\/\/golfmarcosimone.com\/it\/ryder-cup-2023\/\" \/>\n<meta property=\"og:locale\" content=\"it_IT\" \/>\n<meta property=\"og:type\" content=\"article\" \/>\n<meta property=\"og:title\" content=\"Ryder Cup 2023 - GOLF MARCO SIMONE\" \/>\n<meta property=\"og:description\" content=\"[vc_row row_height_percent=&#8221;0&#8243; overlay_alpha=&#8221;50&#8243; equal_height=&#8221;yes&#8221; gutter_size=&#8221;0&#8243; column_width_percent=&#8221;100&#8243; shift_y=&#8221;0&#8243; z_index=&#8221;0&#8243; type=&#8221;grid&#8221; css=&#8221;.vc_custom_1614179072232{background-color: #ffffff !important;}&#8221;][vc_column width=&#8221;1\/1&#8243;][vc_column_text] RYDER CUP 2023, C\u2019\u00c8 LA DATA: SI [&hellip;]\" \/>\n<meta property=\"og:url\" content=\"https:\/\/golfmarcosimone.com\/it\/ryder-cup-2023\/\" \/>\n<meta property=\"og:site_name\" content=\"GOLF MARCO SIMONE\" \/>\n<meta property=\"article:publisher\" content=\"https:\/\/www.facebook.com\/golfmarcosimone\/\" \/>\n<meta property=\"article:modified_time\" content=\"2021-04-02T07:26:07+00:00\" \/>\n<meta name=\"twitter:card\" content=\"summary_large_image\" \/>\n<meta name=\"twitter:site\" content=\"@marcosimonegolf\" \/>\n<meta name=\"twitter:label1\" content=\"Tempo di lettura stimato\" \/>\n\t<meta name=\"twitter:data1\" content=\"5 minuti\" \/>\n<script type=\"application\/ld+json\" class=\"yoast-schema-graph\">{\"@context\":\"https:\/\/schema.org\",\"@graph\":[{\"@type\":\"WebPage\",\"@id\":\"https:\/\/golfmarcosimone.com\/it\/ryder-cup-2023\/\",\"url\":\"https:\/\/golfmarcosimone.com\/it\/ryder-cup-2023\/\",\"name\":\"Ryder Cup 2023 - GOLF MARCO SIMONE\",\"isPartOf\":{\"@id\":\"https:\/\/golfmarcosimone.com\/#website\"},\"datePublished\":\"2019-10-25T13:48:27+00:00\",\"dateModified\":\"2021-04-02T07:26:07+00:00\",\"breadcrumb\":{\"@id\":\"https:\/\/golfmarcosimone.com\/it\/ryder-cup-2023\/#breadcrumb\"},\"inLanguage\":\"it-IT\",\"potentialAction\":[{\"@type\":\"ReadAction\",\"target\":[\"https:\/\/golfmarcosimone.com\/it\/ryder-cup-2023\/\"]}]},{\"@type\":\"BreadcrumbList\",\"@id\":\"https:\/\/golfmarcosimone.com\/it\/ryder-cup-2023\/#breadcrumb\",\"itemListElement\":[{\"@type\":\"ListItem\",\"position\":1,\"name\":\"Home\",\"item\":\"https:\/\/golfmarcosimone.com\/it\/\"},{\"@type\":\"ListItem\",\"position\":2,\"name\":\"Ryder Cup 2023\"}]},{\"@type\":\"WebSite\",\"@id\":\"https:\/\/golfmarcosimone.com\/#website\",\"url\":\"https:\/\/golfmarcosimone.com\/\",\"name\":\"GOLF MARCO SIMONE\",\"description\":\"SEDE DELLA RYDER CUP 2023\",\"publisher\":{\"@id\":\"https:\/\/golfmarcosimone.com\/#organization\"},\"potentialAction\":[{\"@type\":\"SearchAction\",\"target\":{\"@type\":\"EntryPoint\",\"urlTemplate\":\"https:\/\/golfmarcosimone.com\/?s={search_term_string}\"},\"query-input\":\"required name=search_term_string\"}],\"inLanguage\":\"it-IT\"},{\"@type\":\"Organization\",\"@id\":\"https:\/\/golfmarcosimone.com\/#organization\",\"name\":\"Golf Marco Simone\",\"url\":\"https:\/\/golfmarcosimone.com\/\",\"logo\":{\"@type\":\"ImageObject\",\"inLanguage\":\"it-IT\",\"@id\":\"https:\/\/golfmarcosimone.com\/#\/schema\/logo\/image\/\",\"url\":\"https:\/\/golfmarcosimone.com\/wp-content\/uploads\/2019\/05\/logo-big.png\",\"contentUrl\":\"https:\/\/golfmarcosimone.com\/wp-content\/uploads\/2019\/05\/logo-big.png\",\"width\":3000,\"height\":416,\"caption\":\"Golf Marco Simone\"},\"image\":{\"@id\":\"https:\/\/golfmarcosimone.com\/#\/schema\/logo\/image\/\"},\"sameAs\":[\"https:\/\/www.facebook.com\/golfmarcosimone\/\",\"https:\/\/x.com\/marcosimonegolf\",\"https:\/\/www.instagram.com\/marcosimonegolf\/\"]}]}<\/script>\n<!-- \/ Yoast SEO plugin. -->","yoast_head_json":{"title":"Ryder Cup 2023 - GOLF MARCO SIMONE","robots":{"index":"index","follow":"follow","max-snippet":"max-snippet:-1","max-image-preview":"max-image-preview:large","max-video-preview":"max-video-preview:-1"},"canonical":"https:\/\/golfmarcosimone.com\/it\/ryder-cup-2023\/","og_locale":"it_IT","og_type":"article","og_title":"Ryder Cup 2023 - GOLF MARCO SIMONE","og_description":"[vc_row row_height_percent=&#8221;0&#8243; overlay_alpha=&#8221;50&#8243; equal_height=&#8221;yes&#8221; gutter_size=&#8221;0&#8243; column_width_percent=&#8221;100&#8243; shift_y=&#8221;0&#8243; z_index=&#8221;0&#8243; type=&#8221;grid&#8221; css=&#8221;.vc_custom_1614179072232{background-color: #ffffff !important;}&#8221;][vc_column width=&#8221;1\/1&#8243;][vc_column_text] RYDER CUP 2023, C\u2019\u00c8 LA DATA: SI [&hellip;]","og_url":"https:\/\/golfmarcosimone.com\/it\/ryder-cup-2023\/","og_site_name":"GOLF MARCO SIMONE","article_publisher":"https:\/\/www.facebook.com\/golfmarcosimone\/","article_modified_time":"2021-04-02T07:26:07+00:00","twitter_card":"summary_large_image","twitter_site":"@marcosimonegolf","twitter_misc":{"Tempo di lettura stimato":"5 minuti"},"schema":{"@context":"https:\/\/schema.org","@graph":[{"@type":"WebPage","@id":"https:\/\/golfmarcosimone.com\/it\/ryder-cup-2023\/","url":"https:\/\/golfmarcosimone.com\/it\/ryder-cup-2023\/","name":"Ryder Cup 2023 - GOLF MARCO SIMONE","isPartOf":{"@id":"https:\/\/golfmarcosimone.com\/#website"},"datePublished":"2019-10-25T13:48:27+00:00","dateModified":"2021-04-02T07:26:07+00:00","breadcrumb":{"@id":"https:\/\/golfmarcosimone.com\/it\/ryder-cup-2023\/#breadcrumb"},"inLanguage":"it-IT","potentialAction":[{"@type":"ReadAction","target":["https:\/\/golfmarcosimone.com\/it\/ryder-cup-2023\/"]}]},{"@type":"BreadcrumbList","@id":"https:\/\/golfmarcosimone.com\/it\/ryder-cup-2023\/#breadcrumb","itemListElement":[{"@type":"ListItem","position":1,"name":"Home","item":"https:\/\/golfmarcosimone.com\/it\/"},{"@type":"ListItem","position":2,"name":"Ryder Cup 2023"}]},{"@type":"WebSite","@id":"https:\/\/golfmarcosimone.com\/#website","url":"https:\/\/golfmarcosimone.com\/","name":"GOLF MARCO SIMONE","description":"SEDE DELLA RYDER CUP 2023","publisher":{"@id":"https:\/\/golfmarcosimone.com\/#organization"},"potentialAction":[{"@type":"SearchAction","target":{"@type":"EntryPoint","urlTemplate":"https:\/\/golfmarcosimone.com\/?s={search_term_string}"},"query-input":"required name=search_term_string"}],"inLanguage":"it-IT"},{"@type":"Organization","@id":"https:\/\/golfmarcosimone.com\/#organization","name":"Golf Marco Simone","url":"https:\/\/golfmarcosimone.com\/","logo":{"@type":"ImageObject","inLanguage":"it-IT","@id":"https:\/\/golfmarcosimone.com\/#\/schema\/logo\/image\/","url":"https:\/\/golfmarcosimone.com\/wp-content\/uploads\/2019\/05\/logo-big.png","contentUrl":"https:\/\/golfmarcosimone.com\/wp-content\/uploads\/2019\/05\/logo-big.png","width":3000,"height":416,"caption":"Golf Marco Simone"},"image":{"@id":"https:\/\/golfmarcosimone.com\/#\/schema\/logo\/image\/"},"sameAs":["https:\/\/www.facebook.com\/golfmarcosimone\/","https:\/\/x.com\/marcosimonegolf","https:\/\/www.instagram.com\/marcosimonegolf\/"]}]}},"_links":{"self":[{"href":"https:\/\/golfmarcosimone.com\/it\/wp-json\/wp\/v2\/pages\/2539"}],"collection":[{"href":"https:\/\/golfmarcosimone.com\/it\/wp-json\/wp\/v2\/pages"}],"about":[{"href":"https:\/\/golfmarcosimone.com\/it\/wp-json\/wp\/v2\/types\/page"}],"author":[{"embeddable":true,"href":"https:\/\/golfmarcosimone.com\/it\/wp-json\/wp\/v2\/users\/2"}],"replies":[{"embeddable":true,"href":"https:\/\/golfmarcosimone.com\/it\/wp-json\/wp\/v2\/comments?post=2539"}],"version-history":[{"count":12,"href":"https:\/\/golfmarcosimone.com\/it\/wp-json\/wp\/v2\/pages\/2539\/revisions"}],"predecessor-version":[{"id":3631,"href":"https:\/\/golfmarcosimone.com\/it\/wp-json\/wp\/v2\/pages\/2539\/revisions\/3631"}],"wp:attachment":[{"href":"https:\/\/golfmarcosimone.com\/it\/wp-json\/wp\/v2\/media?parent=2539"}],"curies":[{"name":"wp","href":"https:\/\/api.w.org\/{rel}","templated":true}]}}