{"id":2726,"date":"2021-02-24T10:13:12","date_gmt":"2021-02-24T09:13:12","guid":{"rendered":"https:\/\/golfmarcosimone.com\/?page_id=2726"},"modified":"2021-02-24T14:44:24","modified_gmt":"2021-02-24T13:44:24","slug":"ryder-cup-edizione-italiana-posticipata-al-2023","status":"publish","type":"page","link":"https:\/\/golfmarcosimone.com\/it\/ryder-cup-edizione-italiana-posticipata-al-2023\/","title":{"rendered":"Ryder Cup Edizione italiana posticipata al 2023"},"content":{"rendered":"<p>[vc_row][vc_column width=&#8221;1\/1&#8243;][vc_single_image media=&#8221;2739&#8243; media_width_percent=&#8221;100&#8243;][vc_column_text css=&#8221;.vc_custom_1614158208575{padding-top: 50px !important;}&#8221;]<\/p>\n<h3 style=\"text-align: center;\">Ryder Cup: l\u2019edizione italiana posticipata al 2023<\/h3>\n<p style=\"text-align: justify;\">A causa dell\u2019emergenza sanitaria slitta dal 2020 al 2021 la sfida Usa-Europa nel Wisconisn e di conseguenza viene rinviato di un anno anche l\u2019evento di Roma al Marco Simone Golf &amp; Country Club. La Federazione Italiana Golf prende atto della decisione e va avanti con il suo cronoprogramma<\/p>\n<p style=\"text-align: justify;\">La Ryder Cup italiana slitta di un anno, si giocher\u00e0 nel 2023. La super sfida tra Europa e Usa \u2013 inizialmente prevista dal 30 settembre al 2 ottobre 2022 al Marco Simone Golf &amp; Country Club di Guidonia Montecelio (Roma) \u2013 \u00e8 stata posticipata a seguito della decisione della PGA of America che ha stabilito di rinviare, causa emergenza sanitaria, dal 2020 al 2021 l\u2019edizione statunitense che si disputer\u00e0 nella settimana dal 21 al 26 settembre nel Wisconsin, sul percorso del Whistling Straits Golf Course di Kohler. I criteri di qualificazione per la composizione dei due Team resteranno invariati. Fondamentale, per la scelta del rinvio, il parere del Centers for Disease Control and Prevention. Effetti a cascata su tutte le altre Ryder Cup fino all\u2019edizione del 2037. Ma non solo. Rinviata di un anno anche la President\u2019s Cup, match tra Usa e Resto del mondo (ad eccezione dell\u2019Europa), che si disputer\u00e0 dal 19 al 25 settembre 2022.<\/p>\n<p style=\"text-align: justify;\"><strong>Il nuovo calendario della Ryder Cup fino al 2037<\/strong> \u2013 2021\/Whistling Straits Golf Course (Kohler, Usa); 2023\/Marco Simone Golf &amp; Country Club (Roma, Italia, date da stabilire); 2025\/Bethpage Black (Farmingdale, New York); 2027\/Adare Manor (County Limerick, Irlanda); 2029\/Hazeltine National Golf Club (Chaska, Minnesota); 2031\/Europe (sede da assegnare); 2033\/The Olympic Club (San Francisco); 2035\/Europe (sede da assegnare); 2037\/Congressional Country Club (Bethesda, Maryland).<\/p>\n<p style=\"text-align: justify;\"><strong>Le dichiarazioni<\/strong><\/p>\n<p style=\"text-align: justify;\"><strong>Seth Waugh, CEO della PGA of America<\/strong> \u2013 \u201cGli esperti sanitari e le autorit\u00e0 pubbliche del Wisconsin non potevano fornirci garanzie sulla possibilit\u00e0 di organizzare responsabilmente a settembre un evento con migliaia di spettatori. Alla luce di queste incertezze, abbiamo deciso di ricalendarizzare la gara al 2021. Fermo restando il rammarico per la scelta presa, la nostra priorit\u00e0 \u00e8 sempre stata quella di salvaguardare la salute di tutti. L\u2019ipotesi di un evento a porte chiuse non \u00e8 mai stata una strada percorribile dal momento che la presenza del pubblico caratterizza in maniera unica e inimitabile la Ryder Cup\u201d.<\/p>\n<p style=\"text-align: justify;\"><strong>Guy Kinnings, Direttore della Ryder Cup Europe<\/strong> \u2013 \u201cSebbene i lavori del Marco Simone stiano procedendo nei tempi previsti, la notizia che la 44esima Ryder Cup si svolger\u00e0 nel 2023 anzich\u00e9 nel 2022 dar\u00e0 all\u2019Italia \u2013 un Paese che ha una storia straordinaria di organizzazione di manifestazioni sportive speciali \u2013 ulteriore tempo per prepararsi ad ospitare, tra poco pi\u00f9 di 3 anni a Roma, il pi\u00f9 grande match a squadre di golf, occasione eccezionale per la citt\u00e0\u201d.<\/p>\n<p style=\"text-align: justify;\"><strong>Franco Chimenti, Presidente della Federazione Italiana Golf e Vicepresidente Vicario del Coni<\/strong> \u2013 \u201cL\u2019attesa verso la Ryder Cup di Roma si allunga di un anno a causa dell\u2019emergenza sanitaria. Prendiamo atto e condividiamo la decisione congiunta della PGA of America e della Ryder Cup Europe. Per noi non cambia nulla perch\u00e9 eravamo pronti a rispettare tutte le tempistiche. La Ryder Cup di Roma rappresenta una vetrina internazionale che mette l\u2019Italia al centro del mondo. Oggi tutti ci invidiano questo evento che contribuir\u00e0 ad accrescere il prestigio dello sport italiano. Un\u2019opportunit\u00e0 anche per lo sviluppo del turismo e il rilancio dell\u2019occupazione, specialmente dopo la pandemia che sta generando una crisi economica con pochi precedenti. Desidero ringraziare ancora una volta tutti i governi che, dal 2015 ad oggi, hanno garantito pieno sostegno alla Federazione Italiana Golf. A dimostrazione dell\u2019importanza planetaria della competizione, che ha avuto ed ha un consenso trasversale. Un grazie anche al Coni e al Presidente Giovanni Malag\u00f2 per aver creduto, sin da subito, nelle potenzialit\u00e0 del progetto di crescita del movimento golfistico che ora pu\u00f2 contare anche sul supporto istituzionale del Dicastero dello Sport guidato dal Ministro Vincenzo Spadafora. Continueremo a lavorare senza soste verso gli obiettivi, in piena sintonia con il board della Ryder Cup Europe, il Marco Simone e Infront, Official Advisor della FIG\u201d.<\/p>\n<p style=\"text-align: justify;\"><strong>Gian Paolo Montali, Direttore Generale del Progetto Ryder Cup<\/strong> \u2013 \u201cRispettiamo la scelta fatta a causa della pandemia, emergenza sanitaria mondiale che nessuno poteva calcolare. Il successo della Ryder Cup dipende dalla visibilit\u00e0 mediatica dell\u2019evento e dalla partecipazione degli spettatori in un clima di grande agonismo sportivo ma anche di entusiasmo popolare. Non nascondo il dispiacere per lo slittamento della manifestazione, in quanto in questi quattro anni abbiamo lavorato duramente e con grande rigore affinch\u00e9 tutto fosse pronto e nelle condizioni migliori per allestire una Ryder Cup iconica nel 2022. Il nostro cronoprogramma, anche per quel che riguarda i lavori sul percorso di gara e sui temi relativi alla viabilit\u00e0 e alle infrastrutture, \u00e8 assolutamente in linea con i tempi prefissati come tutti gli impegni presi fino ad ora. Avremo maggior tempo per lavorare e rendere ancora pi\u00f9 unico e speciale l\u2019evento\u201d.<\/p>\n<p style=\"text-align: justify;\"><strong>Lavinia Biagiotti Cigna, Presidente del Marco Simone Golf &amp; Country Club<\/strong>: \u201cUn grande senso di responsabilit\u00e0 ha determinato la decisione di spostare la prima Ryder Cup italiana della storia al 2023. Lo stesso senso di responsabilit\u00e0 che ci ha guidati in questi mesi di lockdown a portare avanti i lavori in tutta sicurezza e senza nessuna interruzione, per poter offrire a brevissimo a tutti gli appassionati la possibilit\u00e0 di giocare al Marco Simone sul percorso della Ryder Cup. Ringrazio le Istituzioni, la Federazione Italiana Golf, il CONI, Ryder Cup Europe, il Team Marco Simone e tutte le persone che con lungimiranza e coraggio stanno lavorando per poter offrire a Roma, all\u2019Italia e al mondo una Ryder Cup innovativa, visionaria e appassionante!\u201d.<\/p>\n<p style=\"text-align: justify;\"><strong>Steve Stricker, Capitano Team Usa alla Ryder Cup 2021<\/strong> \u2013 \u201cNonostante il dispiacere di non poter disputare la competizione quest\u2019anno, la decisione del rinvio, viste la situazione attuale d\u2019emergenza, \u00e8 stata giusta. Avere pi\u00f9 tempo per l\u2019organizzazione della gara ci permetter\u00e0 di dar vita a una sfida senza precedenti che avverr\u00e0 nel Wisconsin dove sono nato e cresciuto\u201d.<\/p>\n<p style=\"text-align: justify;\"><strong>Padraig Harrington, Capitano Team Europe alla Ryder Cup 2021<\/strong> \u2013 \u201cNon \u00e8 mai facile decidere per il rinvio di un evento come la Ryder Cup che implica diversi fattori e conseguenze. Tuttavia reputo sia stata la scelta corretta viste le circostanze senza precedenti. Quando si pensa alla Ryder Cup la si associa subito all\u2019atmosfera unica creata dagli spettatori. Senza di loro lo spettacolo non sarebbe stato lo stesso. L\u2019attesa sar\u00e0 lunga ma posso garantire che il Team Europe sar\u00e0 pronto\u201d.<\/p>\n<p>[\/vc_column_text][\/vc_column][\/vc_row]<\/p>\n","protected":false},"excerpt":{"rendered":"<p>[vc_row][vc_column width=&#8221;1\/1&#8243;][vc_single_image media=&#8221;2739&#8243; media_width_percent=&#8221;100&#8243;][vc_column_text css=&#8221;.vc_custom_1614158208575{padding-top: 50px !important;}&#8221;] Ryder Cup: l\u2019edizione italiana posticipata al 2023 A causa dell\u2019emergenza sanitaria slitta dal [&hellip;]<\/p>\n","protected":false},"author":2,"featured_media":0,"parent":0,"menu_order":0,"comment_status":"closed","ping_status":"closed","template":"","meta":{"_monsterinsights_skip_tracking":false,"_monsterinsights_sitenote_active":false,"_monsterinsights_sitenote_note":"","_monsterinsights_sitenote_category":0,"footnotes":""},"yoast_head":"<!-- This site is optimized with the Yoast SEO plugin v23.1 - https:\/\/yoast.com\/wordpress\/plugins\/seo\/ -->\n<title>Ryder Cup Edizione italiana posticipata al 2023 - GOLF MARCO SIMONE<\/title>\n<meta name=\"robots\" content=\"index, follow, max-snippet:-1, max-image-preview:large, max-video-preview:-1\" \/>\n<link rel=\"canonical\" href=\"https:\/\/golfmarcosimone.com\/ryder-cup-edizione-italiana-posticipata-al-2023\/\" \/>\n<meta property=\"og:locale\" content=\"it_IT\" \/>\n<meta property=\"og:type\" content=\"article\" \/>\n<meta property=\"og:title\" content=\"Ryder Cup Edizione italiana posticipata al 2023 - GOLF MARCO SIMONE\" \/>\n<meta property=\"og:description\" content=\"[vc_row][vc_column width=&#8221;1\/1&#8243;][vc_single_image media=&#8221;2739&#8243; media_width_percent=&#8221;100&#8243;][vc_column_text css=&#8221;.vc_custom_1614158208575{padding-top: 50px !important;}&#8221;] Ryder Cup: l\u2019edizione italiana posticipata al 2023 A causa dell\u2019emergenza sanitaria slitta dal [&hellip;]\" \/>\n<meta property=\"og:url\" content=\"https:\/\/golfmarcosimone.com\/ryder-cup-edizione-italiana-posticipata-al-2023\/\" \/>\n<meta property=\"og:site_name\" content=\"GOLF MARCO SIMONE\" \/>\n<meta property=\"article:publisher\" content=\"https:\/\/www.facebook.com\/golfmarcosimone\/\" \/>\n<meta property=\"article:modified_time\" content=\"2021-02-24T13:44:24+00:00\" \/>\n<meta name=\"twitter:card\" content=\"summary_large_image\" \/>\n<meta name=\"twitter:site\" content=\"@marcosimonegolf\" \/>\n<meta name=\"twitter:label1\" content=\"Tempo di lettura stimato\" \/>\n\t<meta name=\"twitter:data1\" content=\"5 minuti\" \/>\n<script type=\"application\/ld+json\" class=\"yoast-schema-graph\">{\"@context\":\"https:\/\/schema.org\",\"@graph\":[{\"@type\":\"WebPage\",\"@id\":\"https:\/\/golfmarcosimone.com\/ryder-cup-edizione-italiana-posticipata-al-2023\/\",\"url\":\"https:\/\/golfmarcosimone.com\/ryder-cup-edizione-italiana-posticipata-al-2023\/\",\"name\":\"Ryder Cup Edizione italiana posticipata al 2023 - GOLF MARCO SIMONE\",\"isPartOf\":{\"@id\":\"https:\/\/golfmarcosimone.com\/#website\"},\"datePublished\":\"2021-02-24T09:13:12+00:00\",\"dateModified\":\"2021-02-24T13:44:24+00:00\",\"breadcrumb\":{\"@id\":\"https:\/\/golfmarcosimone.com\/ryder-cup-edizione-italiana-posticipata-al-2023\/#breadcrumb\"},\"inLanguage\":\"it-IT\",\"potentialAction\":[{\"@type\":\"ReadAction\",\"target\":[\"https:\/\/golfmarcosimone.com\/ryder-cup-edizione-italiana-posticipata-al-2023\/\"]}]},{\"@type\":\"BreadcrumbList\",\"@id\":\"https:\/\/golfmarcosimone.com\/ryder-cup-edizione-italiana-posticipata-al-2023\/#breadcrumb\",\"itemListElement\":[{\"@type\":\"ListItem\",\"position\":1,\"name\":\"Home\",\"item\":\"https:\/\/golfmarcosimone.com\/it\/\"},{\"@type\":\"ListItem\",\"position\":2,\"name\":\"Ryder Cup Edizione italiana posticipata al 2023\"}]},{\"@type\":\"WebSite\",\"@id\":\"https:\/\/golfmarcosimone.com\/#website\",\"url\":\"https:\/\/golfmarcosimone.com\/\",\"name\":\"GOLF MARCO SIMONE\",\"description\":\"SEDE DELLA RYDER CUP 2023\",\"publisher\":{\"@id\":\"https:\/\/golfmarcosimone.com\/#organization\"},\"potentialAction\":[{\"@type\":\"SearchAction\",\"target\":{\"@type\":\"EntryPoint\",\"urlTemplate\":\"https:\/\/golfmarcosimone.com\/?s={search_term_string}\"},\"query-input\":\"required name=search_term_string\"}],\"inLanguage\":\"it-IT\"},{\"@type\":\"Organization\",\"@id\":\"https:\/\/golfmarcosimone.com\/#organization\",\"name\":\"Golf Marco Simone\",\"url\":\"https:\/\/golfmarcosimone.com\/\",\"logo\":{\"@type\":\"ImageObject\",\"inLanguage\":\"it-IT\",\"@id\":\"https:\/\/golfmarcosimone.com\/#\/schema\/logo\/image\/\",\"url\":\"https:\/\/golfmarcosimone.com\/wp-content\/uploads\/2019\/05\/logo-big.png\",\"contentUrl\":\"https:\/\/golfmarcosimone.com\/wp-content\/uploads\/2019\/05\/logo-big.png\",\"width\":3000,\"height\":416,\"caption\":\"Golf Marco Simone\"},\"image\":{\"@id\":\"https:\/\/golfmarcosimone.com\/#\/schema\/logo\/image\/\"},\"sameAs\":[\"https:\/\/www.facebook.com\/golfmarcosimone\/\",\"https:\/\/x.com\/marcosimonegolf\",\"https:\/\/www.instagram.com\/marcosimonegolf\/\"]}]}<\/script>\n<!-- \/ Yoast SEO plugin. -->","yoast_head_json":{"title":"Ryder Cup Edizione italiana posticipata al 2023 - GOLF MARCO SIMONE","robots":{"index":"index","follow":"follow","max-snippet":"max-snippet:-1","max-image-preview":"max-image-preview:large","max-video-preview":"max-video-preview:-1"},"canonical":"https:\/\/golfmarcosimone.com\/ryder-cup-edizione-italiana-posticipata-al-2023\/","og_locale":"it_IT","og_type":"article","og_title":"Ryder Cup Edizione italiana posticipata al 2023 - GOLF MARCO SIMONE","og_description":"[vc_row][vc_column width=&#8221;1\/1&#8243;][vc_single_image media=&#8221;2739&#8243; media_width_percent=&#8221;100&#8243;][vc_column_text css=&#8221;.vc_custom_1614158208575{padding-top: 50px !important;}&#8221;] Ryder Cup: l\u2019edizione italiana posticipata al 2023 A causa dell\u2019emergenza sanitaria slitta dal [&hellip;]","og_url":"https:\/\/golfmarcosimone.com\/ryder-cup-edizione-italiana-posticipata-al-2023\/","og_site_name":"GOLF MARCO SIMONE","article_publisher":"https:\/\/www.facebook.com\/golfmarcosimone\/","article_modified_time":"2021-02-24T13:44:24+00:00","twitter_card":"summary_large_image","twitter_site":"@marcosimonegolf","twitter_misc":{"Tempo di lettura stimato":"5 minuti"},"schema":{"@context":"https:\/\/schema.org","@graph":[{"@type":"WebPage","@id":"https:\/\/golfmarcosimone.com\/ryder-cup-edizione-italiana-posticipata-al-2023\/","url":"https:\/\/golfmarcosimone.com\/ryder-cup-edizione-italiana-posticipata-al-2023\/","name":"Ryder Cup Edizione italiana posticipata al 2023 - GOLF MARCO SIMONE","isPartOf":{"@id":"https:\/\/golfmarcosimone.com\/#website"},"datePublished":"2021-02-24T09:13:12+00:00","dateModified":"2021-02-24T13:44:24+00:00","breadcrumb":{"@id":"https:\/\/golfmarcosimone.com\/ryder-cup-edizione-italiana-posticipata-al-2023\/#breadcrumb"},"inLanguage":"it-IT","potentialAction":[{"@type":"ReadAction","target":["https:\/\/golfmarcosimone.com\/ryder-cup-edizione-italiana-posticipata-al-2023\/"]}]},{"@type":"BreadcrumbList","@id":"https:\/\/golfmarcosimone.com\/ryder-cup-edizione-italiana-posticipata-al-2023\/#breadcrumb","itemListElement":[{"@type":"ListItem","position":1,"name":"Home","item":"https:\/\/golfmarcosimone.com\/it\/"},{"@type":"ListItem","position":2,"name":"Ryder Cup Edizione italiana posticipata al 2023"}]},{"@type":"WebSite","@id":"https:\/\/golfmarcosimone.com\/#website","url":"https:\/\/golfmarcosimone.com\/","name":"GOLF MARCO SIMONE","description":"SEDE DELLA RYDER CUP 2023","publisher":{"@id":"https:\/\/golfmarcosimone.com\/#organization"},"potentialAction":[{"@type":"SearchAction","target":{"@type":"EntryPoint","urlTemplate":"https:\/\/golfmarcosimone.com\/?s={search_term_string}"},"query-input":"required name=search_term_string"}],"inLanguage":"it-IT"},{"@type":"Organization","@id":"https:\/\/golfmarcosimone.com\/#organization","name":"Golf Marco Simone","url":"https:\/\/golfmarcosimone.com\/","logo":{"@type":"ImageObject","inLanguage":"it-IT","@id":"https:\/\/golfmarcosimone.com\/#\/schema\/logo\/image\/","url":"https:\/\/golfmarcosimone.com\/wp-content\/uploads\/2019\/05\/logo-big.png","contentUrl":"https:\/\/golfmarcosimone.com\/wp-content\/uploads\/2019\/05\/logo-big.png","width":3000,"height":416,"caption":"Golf Marco Simone"},"image":{"@id":"https:\/\/golfmarcosimone.com\/#\/schema\/logo\/image\/"},"sameAs":["https:\/\/www.facebook.com\/golfmarcosimone\/","https:\/\/x.com\/marcosimonegolf","https:\/\/www.instagram.com\/marcosimonegolf\/"]}]}},"_links":{"self":[{"href":"https:\/\/golfmarcosimone.com\/it\/wp-json\/wp\/v2\/pages\/2726"}],"collection":[{"href":"https:\/\/golfmarcosimone.com\/it\/wp-json\/wp\/v2\/pages"}],"about":[{"href":"https:\/\/golfmarcosimone.com\/it\/wp-json\/wp\/v2\/types\/page"}],"author":[{"embeddable":true,"href":"https:\/\/golfmarcosimone.com\/it\/wp-json\/wp\/v2\/users\/2"}],"replies":[{"embeddable":true,"href":"https:\/\/golfmarcosimone.com\/it\/wp-json\/wp\/v2\/comments?post=2726"}],"version-history":[{"count":5,"href":"https:\/\/golfmarcosimone.com\/it\/wp-json\/wp\/v2\/pages\/2726\/revisions"}],"predecessor-version":[{"id":2808,"href":"https:\/\/golfmarcosimone.com\/it\/wp-json\/wp\/v2\/pages\/2726\/revisions\/2808"}],"wp:attachment":[{"href":"https:\/\/golfmarcosimone.com\/it\/wp-json\/wp\/v2\/media?parent=2726"}],"curies":[{"name":"wp","href":"https:\/\/api.w.org\/{rel}","templated":true}]}}